{"id":977,"date":"2021-02-18T17:54:03","date_gmt":"2021-02-18T16:54:03","guid":{"rendered":"https:\/\/www.association-auburtin.fr\/?page_id=977"},"modified":"2023-04-29T15:25:40","modified_gmt":"2023-04-29T13:25:40","slug":"sa-vie-4","status":"publish","type":"page","link":"https:\/\/www.association-auburtin.fr\/index.php\/accueil\/sa-vie\/sa-vie-4\/","title":{"rendered":"Sa vie 4"},"content":{"rendered":"\n<div class=\"wp-block-columns is-layout-flex wp-container-core-columns-is-layout-2 wp-block-columns-is-layout-flex\">\n<div class=\"wp-block-column is-layout-flow wp-block-column-is-layout-flow\" style=\"flex-basis:4%\">\n<div class=\"wp-block-buttons is-horizontal is-content-justification-center is-layout-flex wp-container-core-buttons-is-layout-1 wp-block-buttons-is-layout-flex\">\n<div class=\"wp-block-button\"><a class=\"wp-block-button__link wp-element-button\" href=\"https:\/\/www.association-auburtin.fr\/index.php\/accueil\/sa-vie\/sa-vie-3\/\">&lt;<\/a><\/div>\n<\/div>\n<\/div>\n\n\n\n<div class=\"wp-block-column is-layout-flow wp-block-column-is-layout-flow\" style=\"flex-basis:92%\">\n<p><\/p>\n\n\n\n<div class=\"wp-block-columns is-layout-flex wp-container-core-columns-is-layout-1 wp-block-columns-is-layout-flex\">\n<div class=\"wp-block-column is-layout-flow wp-block-column-is-layout-flow\" style=\"flex-basis:75%\">\n<p class=\"has-text-align-left\">Les commandes se succ\u00e8dent : l\u2019escalier du mus\u00e9um d\u2019histoire naturelle \u00e0 Marseille : \u00ab&nbsp;P\u00eache au gangui dans le golfe de Marseille&nbsp;\u00bb puis \u00ab&nbsp;La calanque&nbsp;\u00bb. Il r\u00e9alise plusieurs d\u00e9cors pour l\u2019exposition universelle de 1900. En 1901, il participe \u00e0 la d\u00e9coration du buffet de la gare de Lyon \u00e0 Paris. La comtesse de B\u00e9arn lui commande 2 panneaux pour la salle de bal de son h\u00f4tel particulier : \u00ab&nbsp;Au soir&nbsp;\u00bb et \u00ab&nbsp;Le matin&nbsp;\u00bb.<\/p>\n<\/div>\n\n\n\n<div class=\"wp-block-column is-layout-flow wp-block-column-is-layout-flow\" style=\"flex-basis:25%\">\n<figure class=\"wp-block-image alignright size-large is-resized\"><a href=\"https:\/\/www.association-auburtin.fr\/wp-content\/uploads\/2020\/12\/n10-e1615721886952.jpg\" target=\"_blank\" rel=\"noopener\"><img loading=\"lazy\" decoding=\"async\" src=\"https:\/\/www.association-auburtin.fr\/wp-content\/uploads\/2020\/12\/n10-e1615721886952.jpg\" alt=\"\" width=\"520\" height=\"325\"\/><\/a><figcaption class=\"wp-element-caption\">La p\u00eache au gangui, golfe de Marseille<\/figcaption><\/figure>\n\n\n\n<p><\/p>\n<\/div>\n<\/div>\n\n\n\n<div class=\"wp-block-media-text alignwide is-stacked-on-mobile is-vertically-aligned-top\" style=\"grid-template-columns:31% auto\"><figure class=\"wp-block-media-text__media\"><img loading=\"lazy\" decoding=\"async\" width=\"1024\" height=\"814\" src=\"https:\/\/www.association-auburtin.fr\/wp-content\/uploads\/2021\/03\/chants-sur-leauPetit-Palais-scaled-e1616264077910-1024x814.jpg\" alt=\"sa vie\" class=\"wp-image-1883 size-full\" srcset=\"https:\/\/www.association-auburtin.fr\/wp-content\/uploads\/2021\/03\/chants-sur-leauPetit-Palais-scaled-e1616264077910-1024x814.jpg 1024w, https:\/\/www.association-auburtin.fr\/wp-content\/uploads\/2021\/03\/chants-sur-leauPetit-Palais-scaled-e1616264077910-300x239.jpg 300w, https:\/\/www.association-auburtin.fr\/wp-content\/uploads\/2021\/03\/chants-sur-leauPetit-Palais-scaled-e1616264077910-768x611.jpg 768w, https:\/\/www.association-auburtin.fr\/wp-content\/uploads\/2021\/03\/chants-sur-leauPetit-Palais-scaled-e1616264077910-1536x1222.jpg 1536w, https:\/\/www.association-auburtin.fr\/wp-content\/uploads\/2021\/03\/chants-sur-leauPetit-Palais-scaled-e1616264077910.jpg 1593w\" sizes=\"(max-width: 1024px) 100vw, 1024px\" \/><\/figure><div class=\"wp-block-media-text__content\">\n<p class=\"has-text-align-left\">Parall\u00e8lement \u00e0 cette activit\u00e9 de d\u00e9coration murale, Auburtin ne cesse de pratiquer la peinture de chevalet, huile, pastel, gouache et aquarelle qu\u2019il ma\u00eetrise avec virtuosit\u00e9.<br>Il peint entre autre : \u00ab\u00a0Orph\u00e9e\u00a0\u00bb (1906, Paris mus\u00e9e d\u2019Orsay), pr\u00e9sent\u00e9e \u00e0 la soci\u00e9t\u00e9 nationale des Beaux-Arts et \u00ab\u00a0Chants sur l\u2019eau\u00a0\u00bb (1912, Paris mus\u00e9e du Petit Palais).<\/p>\n<\/div><\/div>\n<\/div>\n\n\n\n<div class=\"wp-block-column is-layout-flow wp-block-column-is-layout-flow\" style=\"flex-basis:4%\">\n<div class=\"wp-block-buttons is-horizontal is-content-justification-center is-layout-flex wp-container-core-buttons-is-layout-2 wp-block-buttons-is-layout-flex\">\n<div class=\"wp-block-button\"><a class=\"wp-block-button__link wp-element-button\" href=\"https:\/\/www.association-auburtin.fr\/index.php\/accueil\/sa-vie\/sa-vie-5\/\">&gt;<\/a><\/div>\n<\/div>\n<\/div>\n<\/div>\n\n\n\n<p>Sa premi\u00e8re exposition particuli\u00e8re se tient en 1897 dans les galeries de la Bodini\u00e8re. Il y pr\u00e9sente \u00ab\u00a0Thalassa\u00a0\u00bb une grande toile m\u00ealant au bleu profond des mers du sud une figure f\u00e9minine inspir\u00e9e de la mythologie, mi-femme, mi-sir\u00e8ne. De nombreuses \u0153uvres puisent dans le r\u00e9pertoire mythique et symboliste, (centaure, nymphe, faune et cygne, camp\u00e9s dans un paysage id\u00e9alis\u00e9).<br><\/p>\n","protected":false},"excerpt":{"rendered":"<p>Les commandes se succ\u00e8dent : l\u2019escalier du mus\u00e9um d\u2019histoire naturelle \u00e0 Marseille : \u00ab&nbsp;P\u00eache au gangui dans le golfe de Marseille&nbsp;\u00bb puis \u00ab&nbsp;La calanque&nbsp;\u00bb. Il r\u00e9alise plusieurs d\u00e9cors pour l\u2019exposition universelle de 1900. En 1901, il participe \u00e0 la d\u00e9coration du buffet de la gare de Lyon \u00e0 Paris. La comtesse de B\u00e9arn lui commande [&hellip;]<\/p>\n","protected":false},"author":1,"featured_media":0,"parent":18,"menu_order":4,"comment_status":"closed","ping_status":"closed","template":"","meta":{"footnotes":""},"class_list":["post-977","page","type-page","status-publish","hentry"],"blocksy_meta":{"styles_descriptor":{"styles":{"desktop":"","tablet":"","mobile":""},"google_fonts":[],"version":6}},"yoast_head":"<!-- This site is optimized with the Yoast SEO plugin v23.6 - https:\/\/yoast.com\/wordpress\/plugins\/seo\/ -->\n<title>Sa vie 4 - Association Auburtin<\/title>\n<meta name=\"robots\" content=\"index, follow, max-snippet:-1, max-image-preview:large, max-video-preview:-1\" \/>\n<link rel=\"canonical\" href=\"https:\/\/www.association-auburtin.fr\/index.php\/accueil\/sa-vie\/sa-vie-4\/\" \/>\n<meta property=\"og:locale\" content=\"fr_FR\" \/>\n<meta property=\"og:type\" content=\"article\" \/>\n<meta property=\"og:title\" content=\"Sa vie 4 - Association Auburtin\" \/>\n<meta property=\"og:description\" content=\"Les commandes se succ\u00e8dent : l\u2019escalier du mus\u00e9um d\u2019histoire naturelle \u00e0 Marseille : \u00ab&nbsp;P\u00eache au gangui dans le golfe de Marseille&nbsp;\u00bb puis \u00ab&nbsp;La calanque&nbsp;\u00bb. Il r\u00e9alise plusieurs d\u00e9cors pour l\u2019exposition universelle de 1900. En 1901, il participe \u00e0 la d\u00e9coration du buffet de la gare de Lyon \u00e0 Paris. La comtesse de B\u00e9arn lui commande [&hellip;]\" \/>\n<meta property=\"og:url\" content=\"https:\/\/www.association-auburtin.fr\/index.php\/accueil\/sa-vie\/sa-vie-4\/\" \/>\n<meta property=\"og:site_name\" content=\"Association Auburtin\" \/>\n<meta property=\"article:modified_time\" content=\"2023-04-29T13:25:40+00:00\" \/>\n<meta property=\"og:image\" content=\"https:\/\/www.association-auburtin.fr\/wp-content\/uploads\/2020\/12\/n10-e1615721886952.jpg\" \/>\n<meta name=\"twitter:card\" content=\"summary_large_image\" \/>\n<meta name=\"twitter:label1\" content=\"Dur\u00e9e de lecture estim\u00e9e\" \/>\n\t<meta name=\"twitter:data1\" content=\"1 minute\" \/>\n<script type=\"application\/ld+json\" class=\"yoast-schema-graph\">{\"@context\":\"https:\/\/schema.org\",\"@graph\":[{\"@type\":\"WebPage\",\"@id\":\"https:\/\/www.association-auburtin.fr\/index.php\/accueil\/sa-vie\/sa-vie-4\/\",\"url\":\"https:\/\/www.association-auburtin.fr\/index.php\/accueil\/sa-vie\/sa-vie-4\/\",\"name\":\"Sa vie 4 - Association Auburtin\",\"isPartOf\":{\"@id\":\"https:\/\/www.association-auburtin.fr\/#website\"},\"primaryImageOfPage\":{\"@id\":\"https:\/\/www.association-auburtin.fr\/index.php\/accueil\/sa-vie\/sa-vie-4\/#primaryimage\"},\"image\":{\"@id\":\"https:\/\/www.association-auburtin.fr\/index.php\/accueil\/sa-vie\/sa-vie-4\/#primaryimage\"},\"thumbnailUrl\":\"https:\/\/www.association-auburtin.fr\/wp-content\/uploads\/2020\/12\/n10-e1615721886952.jpg\",\"datePublished\":\"2021-02-18T16:54:03+00:00\",\"dateModified\":\"2023-04-29T13:25:40+00:00\",\"breadcrumb\":{\"@id\":\"https:\/\/www.association-auburtin.fr\/index.php\/accueil\/sa-vie\/sa-vie-4\/#breadcrumb\"},\"inLanguage\":\"fr-FR\",\"potentialAction\":[{\"@type\":\"ReadAction\",\"target\":[\"https:\/\/www.association-auburtin.fr\/index.php\/accueil\/sa-vie\/sa-vie-4\/\"]}]},{\"@type\":\"ImageObject\",\"inLanguage\":\"fr-FR\",\"@id\":\"https:\/\/www.association-auburtin.fr\/index.php\/accueil\/sa-vie\/sa-vie-4\/#primaryimage\",\"url\":\"https:\/\/www.association-auburtin.fr\/wp-content\/uploads\/2020\/12\/n10-e1615721886952.jpg\",\"contentUrl\":\"https:\/\/www.association-auburtin.fr\/wp-content\/uploads\/2020\/12\/n10-e1615721886952.jpg\",\"width\":2492,\"height\":1557,\"caption\":\"La p\u00eache au gangui, golfe de Marseille\"},{\"@type\":\"BreadcrumbList\",\"@id\":\"https:\/\/www.association-auburtin.fr\/index.php\/accueil\/sa-vie\/sa-vie-4\/#breadcrumb\",\"itemListElement\":[{\"@type\":\"ListItem\",\"position\":1,\"name\":\"Accueil\",\"item\":\"https:\/\/www.association-auburtin.fr\/\"},{\"@type\":\"ListItem\",\"position\":2,\"name\":\"Jean Francis Auburtin (artiste peintre 1866 &#8211; 1930)\",\"item\":\"https:\/\/www.association-auburtin.fr\/\"},{\"@type\":\"ListItem\",\"position\":3,\"name\":\"Sa vie\",\"item\":\"https:\/\/www.association-auburtin.fr\/index.php\/accueil\/sa-vie\/\"},{\"@type\":\"ListItem\",\"position\":4,\"name\":\"Sa vie 4\"}]},{\"@type\":\"WebSite\",\"@id\":\"https:\/\/www.association-auburtin.fr\/#website\",\"url\":\"https:\/\/www.association-auburtin.fr\/\",\"name\":\"Association Auburtin\",\"description\":\"Les Amis et les Descendants de Jean Francis AUBURTIN\",\"publisher\":{\"@id\":\"https:\/\/www.association-auburtin.fr\/#organization\"},\"potentialAction\":[{\"@type\":\"SearchAction\",\"target\":{\"@type\":\"EntryPoint\",\"urlTemplate\":\"https:\/\/www.association-auburtin.fr\/?s={search_term_string}\"},\"query-input\":{\"@type\":\"PropertyValueSpecification\",\"valueRequired\":true,\"valueName\":\"search_term_string\"}}],\"inLanguage\":\"fr-FR\"},{\"@type\":\"Organization\",\"@id\":\"https:\/\/www.association-auburtin.fr\/#organization\",\"name\":\"Association Auburtin\",\"url\":\"https:\/\/www.association-auburtin.fr\/\",\"logo\":{\"@type\":\"ImageObject\",\"inLanguage\":\"fr-FR\",\"@id\":\"https:\/\/www.association-auburtin.fr\/#\/schema\/logo\/image\/\",\"url\":\"https:\/\/www.association-auburtin.fr\/wp-content\/uploads\/2021\/01\/logo-jfa-1.jpg\",\"contentUrl\":\"https:\/\/www.association-auburtin.fr\/wp-content\/uploads\/2021\/01\/logo-jfa-1.jpg\",\"width\":904,\"height\":855,\"caption\":\"Association Auburtin\"},\"image\":{\"@id\":\"https:\/\/www.association-auburtin.fr\/#\/schema\/logo\/image\/\"}}]}<\/script>\n<!-- \/ Yoast SEO plugin. -->","yoast_head_json":{"title":"Sa vie 4 - Association Auburtin","robots":{"index":"index","follow":"follow","max-snippet":"max-snippet:-1","max-image-preview":"max-image-preview:large","max-video-preview":"max-video-preview:-1"},"canonical":"https:\/\/www.association-auburtin.fr\/index.php\/accueil\/sa-vie\/sa-vie-4\/","og_locale":"fr_FR","og_type":"article","og_title":"Sa vie 4 - Association Auburtin","og_description":"Les commandes se succ\u00e8dent : l\u2019escalier du mus\u00e9um d\u2019histoire naturelle \u00e0 Marseille : \u00ab&nbsp;P\u00eache au gangui dans le golfe de Marseille&nbsp;\u00bb puis \u00ab&nbsp;La calanque&nbsp;\u00bb. Il r\u00e9alise plusieurs d\u00e9cors pour l\u2019exposition universelle de 1900. En 1901, il participe \u00e0 la d\u00e9coration du buffet de la gare de Lyon \u00e0 Paris. La comtesse de B\u00e9arn lui commande [&hellip;]","og_url":"https:\/\/www.association-auburtin.fr\/index.php\/accueil\/sa-vie\/sa-vie-4\/","og_site_name":"Association Auburtin","article_modified_time":"2023-04-29T13:25:40+00:00","og_image":[{"url":"https:\/\/www.association-auburtin.fr\/wp-content\/uploads\/2020\/12\/n10-e1615721886952.jpg"}],"twitter_card":"summary_large_image","twitter_misc":{"Dur\u00e9e de lecture estim\u00e9e":"1 minute"},"schema":{"@context":"https:\/\/schema.org","@graph":[{"@type":"WebPage","@id":"https:\/\/www.association-auburtin.fr\/index.php\/accueil\/sa-vie\/sa-vie-4\/","url":"https:\/\/www.association-auburtin.fr\/index.php\/accueil\/sa-vie\/sa-vie-4\/","name":"Sa vie 4 - Association Auburtin","isPartOf":{"@id":"https:\/\/www.association-auburtin.fr\/#website"},"primaryImageOfPage":{"@id":"https:\/\/www.association-auburtin.fr\/index.php\/accueil\/sa-vie\/sa-vie-4\/#primaryimage"},"image":{"@id":"https:\/\/www.association-auburtin.fr\/index.php\/accueil\/sa-vie\/sa-vie-4\/#primaryimage"},"thumbnailUrl":"https:\/\/www.association-auburtin.fr\/wp-content\/uploads\/2020\/12\/n10-e1615721886952.jpg","datePublished":"2021-02-18T16:54:03+00:00","dateModified":"2023-04-29T13:25:40+00:00","breadcrumb":{"@id":"https:\/\/www.association-auburtin.fr\/index.php\/accueil\/sa-vie\/sa-vie-4\/#breadcrumb"},"inLanguage":"fr-FR","potentialAction":[{"@type":"ReadAction","target":["https:\/\/www.association-auburtin.fr\/index.php\/accueil\/sa-vie\/sa-vie-4\/"]}]},{"@type":"ImageObject","inLanguage":"fr-FR","@id":"https:\/\/www.association-auburtin.fr\/index.php\/accueil\/sa-vie\/sa-vie-4\/#primaryimage","url":"https:\/\/www.association-auburtin.fr\/wp-content\/uploads\/2020\/12\/n10-e1615721886952.jpg","contentUrl":"https:\/\/www.association-auburtin.fr\/wp-content\/uploads\/2020\/12\/n10-e1615721886952.jpg","width":2492,"height":1557,"caption":"La p\u00eache au gangui, golfe de Marseille"},{"@type":"BreadcrumbList","@id":"https:\/\/www.association-auburtin.fr\/index.php\/accueil\/sa-vie\/sa-vie-4\/#breadcrumb","itemListElement":[{"@type":"ListItem","position":1,"name":"Accueil","item":"https:\/\/www.association-auburtin.fr\/"},{"@type":"ListItem","position":2,"name":"Jean Francis Auburtin (artiste peintre 1866 &#8211; 1930)","item":"https:\/\/www.association-auburtin.fr\/"},{"@type":"ListItem","position":3,"name":"Sa vie","item":"https:\/\/www.association-auburtin.fr\/index.php\/accueil\/sa-vie\/"},{"@type":"ListItem","position":4,"name":"Sa vie 4"}]},{"@type":"WebSite","@id":"https:\/\/www.association-auburtin.fr\/#website","url":"https:\/\/www.association-auburtin.fr\/","name":"Association Auburtin","description":"Les Amis et les Descendants de Jean Francis AUBURTIN","publisher":{"@id":"https:\/\/www.association-auburtin.fr\/#organization"},"potentialAction":[{"@type":"SearchAction","target":{"@type":"EntryPoint","urlTemplate":"https:\/\/www.association-auburtin.fr\/?s={search_term_string}"},"query-input":{"@type":"PropertyValueSpecification","valueRequired":true,"valueName":"search_term_string"}}],"inLanguage":"fr-FR"},{"@type":"Organization","@id":"https:\/\/www.association-auburtin.fr\/#organization","name":"Association Auburtin","url":"https:\/\/www.association-auburtin.fr\/","logo":{"@type":"ImageObject","inLanguage":"fr-FR","@id":"https:\/\/www.association-auburtin.fr\/#\/schema\/logo\/image\/","url":"https:\/\/www.association-auburtin.fr\/wp-content\/uploads\/2021\/01\/logo-jfa-1.jpg","contentUrl":"https:\/\/www.association-auburtin.fr\/wp-content\/uploads\/2021\/01\/logo-jfa-1.jpg","width":904,"height":855,"caption":"Association Auburtin"},"image":{"@id":"https:\/\/www.association-auburtin.fr\/#\/schema\/logo\/image\/"}}]}},"_links":{"self":[{"href":"https:\/\/www.association-auburtin.fr\/index.php\/wp-json\/wp\/v2\/pages\/977"}],"collection":[{"href":"https:\/\/www.association-auburtin.fr\/index.php\/wp-json\/wp\/v2\/pages"}],"about":[{"href":"https:\/\/www.association-auburtin.fr\/index.php\/wp-json\/wp\/v2\/types\/page"}],"author":[{"embeddable":true,"href":"https:\/\/www.association-auburtin.fr\/index.php\/wp-json\/wp\/v2\/users\/1"}],"replies":[{"embeddable":true,"href":"https:\/\/www.association-auburtin.fr\/index.php\/wp-json\/wp\/v2\/comments?post=977"}],"version-history":[{"count":32,"href":"https:\/\/www.association-auburtin.fr\/index.php\/wp-json\/wp\/v2\/pages\/977\/revisions"}],"predecessor-version":[{"id":2659,"href":"https:\/\/www.association-auburtin.fr\/index.php\/wp-json\/wp\/v2\/pages\/977\/revisions\/2659"}],"up":[{"embeddable":true,"href":"https:\/\/www.association-auburtin.fr\/index.php\/wp-json\/wp\/v2\/pages\/18"}],"wp:attachment":[{"href":"https:\/\/www.association-auburtin.fr\/index.php\/wp-json\/wp\/v2\/media?parent=977"}],"curies":[{"name":"wp","href":"https:\/\/api.w.org\/{rel}","templated":true}]}}