{"id":1385,"date":"2021-03-05T21:52:35","date_gmt":"2021-03-05T20:52:35","guid":{"rendered":"https:\/\/www.association-auburtin.fr\/?page_id=1385"},"modified":"2024-02-05T11:04:08","modified_gmt":"2024-02-05T10:04:08","slug":"bibliographie-5","status":"publish","type":"page","link":"https:\/\/www.association-auburtin.fr\/index.php\/accueil\/bibliographie\/bibliographie-5\/","title":{"rendered":"Bibliographie 5"},"content":{"rendered":"\n<div class=\"wp-block-columns is-layout-flex wp-container-core-columns-is-layout-1 wp-block-columns-is-layout-flex\">\n<div class=\"wp-block-column is-layout-flow wp-block-column-is-layout-flow\" style=\"flex-basis:4%\">\n<div class=\"wp-block-buttons is-horizontal is-content-justification-center is-layout-flex wp-container-core-buttons-is-layout-1 wp-block-buttons-is-layout-flex\">\n<div class=\"wp-block-button\"><a class=\"wp-block-button__link wp-element-button\" href=\"https:\/\/www.association-auburtin.fr\/index.php\/accueil\/bibliographie\/bibliographie-4\/\">&lt;<\/a><\/div>\n<\/div>\n<\/div>\n\n\n\n<div class=\"wp-block-column is-layout-flow wp-block-column-is-layout-flow\" style=\"flex-basis:75%\">\n<p>Mus\u00e9es, monuments<\/p>\n\n\n\n<ul class=\"wp-block-list\">\n<li>Conseil d&rsquo;Etat \u00e0 Paris : \u00ab\u00a0panneaux d\u00e9coratifs du salon rouge aux colonnes\u00a0\u00bb<\/li>\n\n\n\n<li>Mus\u00e9e de Pont-Aven, Finist\u00e8re : \u00ab\u00a0Belle-\u00cele, Goulphar\u00a0\u00bb, \u00ab\u00a0Deux voiliers sur le Trieux\u00a0\u00bb<\/li>\n\n\n\n<li>Mus\u00e9e du Petit-Palais \u00e0 Paris : \u00ab\u00a0Chants sur l&rsquo;eau\u00a0\u00bb<\/li>\n\n\n\n<li>Gare de Lyon de Paris, passage ou restaurant le Train Bleu \u0153uvre non retrouv\u00e9e<\/li>\n\n\n\n<li>Mus\u00e9e des Beaux-Arts de Vannes, Morbihan<\/li>\n\n\n\n<li>Mus\u00e9e de l&rsquo;Ermitage \u00e0 Saint P\u00e9tersbourg Russie : \u00ab\u00a0Landscape with Overgrown Pond\u00a0\u00bb<\/li>\n\n\n\n<li>Facult\u00e9 de M\u00e9decine de Lyon, Grand Amphith\u00e9\u00e2tre : \u00ab\u00a0Essor\u00a0\u00bb aujourd&rsquo;hui d\u00e9moli<\/li>\n\n\n\n<li>Facult\u00e9 de la Sorbonne \u00e0 Paris : \u00ab\u00a0Fond de la mer\u00a0\u00bb : amphith\u00e9\u00e2tre de zoologie, d\u00e9pos\u00e9e<\/li>\n\n\n\n<li>Facult\u00e9 de la Sorbonne \u00e0 Paris : \u00ab\u00a0Un verger au bord de la mer\u00a0\u00bb quatre panneaux \u00e9voquant les paysages de l&rsquo;Est\u00e9rel dans la Salle des Commissions, ancienne Salle \u00e0 manger 1904<\/li>\n\n\n\n<li>\u00c9cole nationale sup\u00e9rieure des Beaux-Arts de Paris : \u00ab\u00a0Le corps de virginie port\u00e9 \u00e0 la tribune\u00a0\u00bb, \u00ab\u00a0La mort de Dirc\u00e9\u00a0\u00bb, \u00ab\u00a0Le fond d&rsquo;une galerie d&rsquo;un mus\u00e9e industriel\u00a0\u00bb, \u00ab\u00a0D\u00e9part d&rsquo;Ulysse et P\u00e9n\u00e9lope pour Ithaque\u00a0\u00bb<\/li>\n<\/ul>\n<\/div>\n\n\n\n<div class=\"wp-block-column is-vertically-aligned-center is-layout-flow wp-block-column-is-layout-flow\" style=\"flex-basis:21%\">\n<figure class=\"wp-block-image size-large is-resized is-style-default\"><a href=\"https:\/\/www.association-auburtin.fr\/wp-content\/uploads\/2021\/04\/conseil-detat-salon-rouge.png\" target=\"_blank\" rel=\"noopener\"><img decoding=\"async\" src=\"https:\/\/www.association-auburtin.fr\/wp-content\/uploads\/2021\/04\/conseil-detat-salon-rouge.png\" alt=\"\" style=\"width:427px;height:283px\"\/><\/a><figcaption class=\"wp-element-caption\">Conseil d&rsquo;Etat salon rouge<\/figcaption><\/figure>\n<\/div>\n<\/div>\n","protected":false},"excerpt":{"rendered":"<p>Mus\u00e9es, monuments<\/p>\n","protected":false},"author":1,"featured_media":0,"parent":1050,"menu_order":5,"comment_status":"closed","ping_status":"closed","template":"","meta":{"footnotes":""},"class_list":["post-1385","page","type-page","status-publish","hentry"],"blocksy_meta":{"styles_descriptor":{"styles":{"desktop":"","tablet":"","mobile":""},"google_fonts":[],"version":6}},"yoast_head":"<!-- This site is optimized with the Yoast SEO plugin v23.6 - https:\/\/yoast.com\/wordpress\/plugins\/seo\/ -->\n<title>Bibliographie 5 - Association Auburtin<\/title>\n<meta name=\"robots\" content=\"index, follow, max-snippet:-1, max-image-preview:large, max-video-preview:-1\" \/>\n<link rel=\"canonical\" href=\"https:\/\/www.association-auburtin.fr\/index.php\/accueil\/bibliographie\/bibliographie-5\/\" \/>\n<meta property=\"og:locale\" content=\"fr_FR\" \/>\n<meta property=\"og:type\" content=\"article\" \/>\n<meta property=\"og:title\" content=\"Bibliographie 5 - Association Auburtin\" \/>\n<meta property=\"og:description\" content=\"Mus\u00e9es, monuments\" \/>\n<meta property=\"og:url\" content=\"https:\/\/www.association-auburtin.fr\/index.php\/accueil\/bibliographie\/bibliographie-5\/\" \/>\n<meta property=\"og:site_name\" content=\"Association Auburtin\" \/>\n<meta property=\"article:modified_time\" content=\"2024-02-05T10:04:08+00:00\" \/>\n<meta property=\"og:image\" content=\"https:\/\/www.association-auburtin.fr\/wp-content\/uploads\/2021\/04\/conseil-detat-salon-rouge.png\" \/>\n<meta name=\"twitter:card\" content=\"summary_large_image\" \/>\n<meta name=\"twitter:label1\" content=\"Dur\u00e9e de lecture estim\u00e9e\" \/>\n\t<meta name=\"twitter:data1\" content=\"1 minute\" \/>\n<script type=\"application\/ld+json\" class=\"yoast-schema-graph\">{\"@context\":\"https:\/\/schema.org\",\"@graph\":[{\"@type\":\"WebPage\",\"@id\":\"https:\/\/www.association-auburtin.fr\/index.php\/accueil\/bibliographie\/bibliographie-5\/\",\"url\":\"https:\/\/www.association-auburtin.fr\/index.php\/accueil\/bibliographie\/bibliographie-5\/\",\"name\":\"Bibliographie 5 - Association Auburtin\",\"isPartOf\":{\"@id\":\"https:\/\/www.association-auburtin.fr\/#website\"},\"primaryImageOfPage\":{\"@id\":\"https:\/\/www.association-auburtin.fr\/index.php\/accueil\/bibliographie\/bibliographie-5\/#primaryimage\"},\"image\":{\"@id\":\"https:\/\/www.association-auburtin.fr\/index.php\/accueil\/bibliographie\/bibliographie-5\/#primaryimage\"},\"thumbnailUrl\":\"https:\/\/www.association-auburtin.fr\/wp-content\/uploads\/2021\/04\/conseil-detat-salon-rouge.png\",\"datePublished\":\"2021-03-05T20:52:35+00:00\",\"dateModified\":\"2024-02-05T10:04:08+00:00\",\"breadcrumb\":{\"@id\":\"https:\/\/www.association-auburtin.fr\/index.php\/accueil\/bibliographie\/bibliographie-5\/#breadcrumb\"},\"inLanguage\":\"fr-FR\",\"potentialAction\":[{\"@type\":\"ReadAction\",\"target\":[\"https:\/\/www.association-auburtin.fr\/index.php\/accueil\/bibliographie\/bibliographie-5\/\"]}]},{\"@type\":\"ImageObject\",\"inLanguage\":\"fr-FR\",\"@id\":\"https:\/\/www.association-auburtin.fr\/index.php\/accueil\/bibliographie\/bibliographie-5\/#primaryimage\",\"url\":\"https:\/\/www.association-auburtin.fr\/wp-content\/uploads\/2021\/04\/conseil-detat-salon-rouge.png\",\"contentUrl\":\"https:\/\/www.association-auburtin.fr\/wp-content\/uploads\/2021\/04\/conseil-detat-salon-rouge.png\",\"width\":1025,\"height\":683,\"caption\":\"Conseil d'Etat salon rouge\"},{\"@type\":\"BreadcrumbList\",\"@id\":\"https:\/\/www.association-auburtin.fr\/index.php\/accueil\/bibliographie\/bibliographie-5\/#breadcrumb\",\"itemListElement\":[{\"@type\":\"ListItem\",\"position\":1,\"name\":\"Accueil\",\"item\":\"https:\/\/www.association-auburtin.fr\/\"},{\"@type\":\"ListItem\",\"position\":2,\"name\":\"Jean Francis Auburtin (artiste peintre 1866 &#8211; 1930)\",\"item\":\"https:\/\/www.association-auburtin.fr\/\"},{\"@type\":\"ListItem\",\"position\":3,\"name\":\"Bibliographie\",\"item\":\"https:\/\/www.association-auburtin.fr\/index.php\/accueil\/bibliographie\/\"},{\"@type\":\"ListItem\",\"position\":4,\"name\":\"Bibliographie 5\"}]},{\"@type\":\"WebSite\",\"@id\":\"https:\/\/www.association-auburtin.fr\/#website\",\"url\":\"https:\/\/www.association-auburtin.fr\/\",\"name\":\"Association Auburtin\",\"description\":\"Les Amis et les Descendants de Jean Francis AUBURTIN\",\"publisher\":{\"@id\":\"https:\/\/www.association-auburtin.fr\/#organization\"},\"potentialAction\":[{\"@type\":\"SearchAction\",\"target\":{\"@type\":\"EntryPoint\",\"urlTemplate\":\"https:\/\/www.association-auburtin.fr\/?s={search_term_string}\"},\"query-input\":{\"@type\":\"PropertyValueSpecification\",\"valueRequired\":true,\"valueName\":\"search_term_string\"}}],\"inLanguage\":\"fr-FR\"},{\"@type\":\"Organization\",\"@id\":\"https:\/\/www.association-auburtin.fr\/#organization\",\"name\":\"Association Auburtin\",\"url\":\"https:\/\/www.association-auburtin.fr\/\",\"logo\":{\"@type\":\"ImageObject\",\"inLanguage\":\"fr-FR\",\"@id\":\"https:\/\/www.association-auburtin.fr\/#\/schema\/logo\/image\/\",\"url\":\"https:\/\/www.association-auburtin.fr\/wp-content\/uploads\/2021\/01\/logo-jfa-1.jpg\",\"contentUrl\":\"https:\/\/www.association-auburtin.fr\/wp-content\/uploads\/2021\/01\/logo-jfa-1.jpg\",\"width\":904,\"height\":855,\"caption\":\"Association Auburtin\"},\"image\":{\"@id\":\"https:\/\/www.association-auburtin.fr\/#\/schema\/logo\/image\/\"}}]}<\/script>\n<!-- \/ Yoast SEO plugin. -->","yoast_head_json":{"title":"Bibliographie 5 - Association Auburtin","robots":{"index":"index","follow":"follow","max-snippet":"max-snippet:-1","max-image-preview":"max-image-preview:large","max-video-preview":"max-video-preview:-1"},"canonical":"https:\/\/www.association-auburtin.fr\/index.php\/accueil\/bibliographie\/bibliographie-5\/","og_locale":"fr_FR","og_type":"article","og_title":"Bibliographie 5 - Association Auburtin","og_description":"Mus\u00e9es, monuments","og_url":"https:\/\/www.association-auburtin.fr\/index.php\/accueil\/bibliographie\/bibliographie-5\/","og_site_name":"Association Auburtin","article_modified_time":"2024-02-05T10:04:08+00:00","og_image":[{"url":"https:\/\/www.association-auburtin.fr\/wp-content\/uploads\/2021\/04\/conseil-detat-salon-rouge.png"}],"twitter_card":"summary_large_image","twitter_misc":{"Dur\u00e9e de lecture estim\u00e9e":"1 minute"},"schema":{"@context":"https:\/\/schema.org","@graph":[{"@type":"WebPage","@id":"https:\/\/www.association-auburtin.fr\/index.php\/accueil\/bibliographie\/bibliographie-5\/","url":"https:\/\/www.association-auburtin.fr\/index.php\/accueil\/bibliographie\/bibliographie-5\/","name":"Bibliographie 5 - Association Auburtin","isPartOf":{"@id":"https:\/\/www.association-auburtin.fr\/#website"},"primaryImageOfPage":{"@id":"https:\/\/www.association-auburtin.fr\/index.php\/accueil\/bibliographie\/bibliographie-5\/#primaryimage"},"image":{"@id":"https:\/\/www.association-auburtin.fr\/index.php\/accueil\/bibliographie\/bibliographie-5\/#primaryimage"},"thumbnailUrl":"https:\/\/www.association-auburtin.fr\/wp-content\/uploads\/2021\/04\/conseil-detat-salon-rouge.png","datePublished":"2021-03-05T20:52:35+00:00","dateModified":"2024-02-05T10:04:08+00:00","breadcrumb":{"@id":"https:\/\/www.association-auburtin.fr\/index.php\/accueil\/bibliographie\/bibliographie-5\/#breadcrumb"},"inLanguage":"fr-FR","potentialAction":[{"@type":"ReadAction","target":["https:\/\/www.association-auburtin.fr\/index.php\/accueil\/bibliographie\/bibliographie-5\/"]}]},{"@type":"ImageObject","inLanguage":"fr-FR","@id":"https:\/\/www.association-auburtin.fr\/index.php\/accueil\/bibliographie\/bibliographie-5\/#primaryimage","url":"https:\/\/www.association-auburtin.fr\/wp-content\/uploads\/2021\/04\/conseil-detat-salon-rouge.png","contentUrl":"https:\/\/www.association-auburtin.fr\/wp-content\/uploads\/2021\/04\/conseil-detat-salon-rouge.png","width":1025,"height":683,"caption":"Conseil d'Etat salon rouge"},{"@type":"BreadcrumbList","@id":"https:\/\/www.association-auburtin.fr\/index.php\/accueil\/bibliographie\/bibliographie-5\/#breadcrumb","itemListElement":[{"@type":"ListItem","position":1,"name":"Accueil","item":"https:\/\/www.association-auburtin.fr\/"},{"@type":"ListItem","position":2,"name":"Jean Francis Auburtin (artiste peintre 1866 &#8211; 1930)","item":"https:\/\/www.association-auburtin.fr\/"},{"@type":"ListItem","position":3,"name":"Bibliographie","item":"https:\/\/www.association-auburtin.fr\/index.php\/accueil\/bibliographie\/"},{"@type":"ListItem","position":4,"name":"Bibliographie 5"}]},{"@type":"WebSite","@id":"https:\/\/www.association-auburtin.fr\/#website","url":"https:\/\/www.association-auburtin.fr\/","name":"Association Auburtin","description":"Les Amis et les Descendants de Jean Francis AUBURTIN","publisher":{"@id":"https:\/\/www.association-auburtin.fr\/#organization"},"potentialAction":[{"@type":"SearchAction","target":{"@type":"EntryPoint","urlTemplate":"https:\/\/www.association-auburtin.fr\/?s={search_term_string}"},"query-input":{"@type":"PropertyValueSpecification","valueRequired":true,"valueName":"search_term_string"}}],"inLanguage":"fr-FR"},{"@type":"Organization","@id":"https:\/\/www.association-auburtin.fr\/#organization","name":"Association Auburtin","url":"https:\/\/www.association-auburtin.fr\/","logo":{"@type":"ImageObject","inLanguage":"fr-FR","@id":"https:\/\/www.association-auburtin.fr\/#\/schema\/logo\/image\/","url":"https:\/\/www.association-auburtin.fr\/wp-content\/uploads\/2021\/01\/logo-jfa-1.jpg","contentUrl":"https:\/\/www.association-auburtin.fr\/wp-content\/uploads\/2021\/01\/logo-jfa-1.jpg","width":904,"height":855,"caption":"Association Auburtin"},"image":{"@id":"https:\/\/www.association-auburtin.fr\/#\/schema\/logo\/image\/"}}]}},"_links":{"self":[{"href":"https:\/\/www.association-auburtin.fr\/index.php\/wp-json\/wp\/v2\/pages\/1385"}],"collection":[{"href":"https:\/\/www.association-auburtin.fr\/index.php\/wp-json\/wp\/v2\/pages"}],"about":[{"href":"https:\/\/www.association-auburtin.fr\/index.php\/wp-json\/wp\/v2\/types\/page"}],"author":[{"embeddable":true,"href":"https:\/\/www.association-auburtin.fr\/index.php\/wp-json\/wp\/v2\/users\/1"}],"replies":[{"embeddable":true,"href":"https:\/\/www.association-auburtin.fr\/index.php\/wp-json\/wp\/v2\/comments?post=1385"}],"version-history":[{"count":37,"href":"https:\/\/www.association-auburtin.fr\/index.php\/wp-json\/wp\/v2\/pages\/1385\/revisions"}],"predecessor-version":[{"id":2672,"href":"https:\/\/www.association-auburtin.fr\/index.php\/wp-json\/wp\/v2\/pages\/1385\/revisions\/2672"}],"up":[{"embeddable":true,"href":"https:\/\/www.association-auburtin.fr\/index.php\/wp-json\/wp\/v2\/pages\/1050"}],"wp:attachment":[{"href":"https:\/\/www.association-auburtin.fr\/index.php\/wp-json\/wp\/v2\/media?parent=1385"}],"curies":[{"name":"wp","href":"https:\/\/api.w.org\/{rel}","templated":true}]}}