{"id":1037,"date":"2021-02-20T10:50:11","date_gmt":"2021-02-20T09:50:11","guid":{"rendered":"https:\/\/www.association-auburtin.fr\/?page_id=1037"},"modified":"2023-04-29T15:18:50","modified_gmt":"2023-04-29T13:18:50","slug":"association-1","status":"publish","type":"page","link":"https:\/\/www.association-auburtin.fr\/index.php\/accueil\/l-association\/association-1\/","title":{"rendered":"L&rsquo;association 1"},"content":{"rendered":"\n<div class=\"wp-block-columns is-layout-flex wp-container-core-columns-is-layout-1 wp-block-columns-is-layout-flex\">\n<div class=\"wp-block-column is-vertically-aligned-top is-layout-flow wp-block-column-is-layout-flow\" style=\"flex-basis:4%\">\n<div class=\"wp-block-buttons is-horizontal is-content-justification-center is-layout-flex wp-container-core-buttons-is-layout-1 wp-block-buttons-is-layout-flex\">\n<div class=\"wp-block-button\"><a class=\"wp-block-button__link wp-element-button\" href=\"https:\/\/www.association-auburtin.fr\/index.php\/accueil\/l-association\/\">&lt;<\/a><\/div>\n<\/div>\n<\/div>\n\n\n\n<div class=\"wp-block-column is-layout-flow wp-block-column-is-layout-flow\" style=\"flex-basis:92%\">\n<p><\/p>\n\n\n\n<div class=\"wp-block-media-text alignfull has-media-on-the-right is-stacked-on-mobile is-vertically-aligned-bottom\" style=\"grid-template-columns:auto 27%\"><div class=\"wp-block-media-text__content\">\n<p style=\"font-size:clamp(14px, 0.875rem + ((1vw - 3.2px) * 0.313), 18px);px\">Apr\u00e8s maintes propositions, nous avons opt\u00e9 pour une association de loi 1901.<br>Dans un premier temps, notre objectif est de r\u00e9pertorier un maximum de documents<br>autour de sa production picturale. Ensuite, nous pourrons envisager un catalogue<br>raisonn\u00e9 de son \u0153uvre afin de la r\u00e9v\u00e9ler aupr\u00e8s d\u2019un large public.<\/p>\n\n\n\n<p>Aussi nous sollicitons votre concours :<br>Il serait bon de nous faire parvenir un document photographique de chacune des \u0153uvres: peintures, gouaches, esquisses ou autres, accompagn\u00e9 des informations en votre possession.<br>Cela nous permet de situer l\u2019\u0153uvre dans la chronologie de sa production.<br>Les informations que nous r\u00e9colterons garderont parfaitement l\u2019anonymat des propri\u00e9taires.<\/p>\n\n\n\n<p><br>Notre objectif imm\u00e9diat est d\u2019en r\u00e9pertorier le plus grand nombre possible, tout en sachant que nous ne pouvons pr\u00e9tendre conna\u00eetre l\u2019ensemble des \u0153uvres existantes, certaines ayant \u00e9t\u00e9 dispers\u00e9es ou vendues. A ce propos, toute information sur une \u0153uvre dont vous auriez connaissance serait la bienvenue.<br>Ci-dessous un exemple de la fiche que nous essayons de remplir :<\/p>\n\n\n\n<p><\/p>\n<\/div><figure class=\"wp-block-media-text__media\"><img loading=\"lazy\" decoding=\"async\" width=\"583\" height=\"1024\" src=\"https:\/\/www.association-auburtin.fr\/wp-content\/uploads\/2021\/03\/jfa-7-583x1024.jpg\" alt=\"association\" class=\"wp-image-1490 size-full\" srcset=\"https:\/\/www.association-auburtin.fr\/wp-content\/uploads\/2021\/03\/jfa-7-583x1024.jpg 583w, https:\/\/www.association-auburtin.fr\/wp-content\/uploads\/2021\/03\/jfa-7-171x300.jpg 171w, https:\/\/www.association-auburtin.fr\/wp-content\/uploads\/2021\/03\/jfa-7-768x1348.jpg 768w, https:\/\/www.association-auburtin.fr\/wp-content\/uploads\/2021\/03\/jfa-7-875x1536.jpg 875w, https:\/\/www.association-auburtin.fr\/wp-content\/uploads\/2021\/03\/jfa-7-1167x2048.jpg 1167w, https:\/\/www.association-auburtin.fr\/wp-content\/uploads\/2021\/03\/jfa-7-scaled.jpg 1459w\" sizes=\"(max-width: 583px) 100vw, 583px\" \/><\/figure><\/div>\n\n\n\n<p><\/p>\n\n\n\n<p class=\"has-text-align-right\">Roseaux, dent du chat, Aix-les-bains<\/p>\n\n\n\n<ul class=\"wp-block-list\">\n<li>titre de l\u2019\u0153uvre : ce peut \u00eatre la simple description que vous en ferez\u2026<\/li>\n\n\n\n<li>type de traitement : huile, gouache, aquarelle, fusain, pastel ou inconnu<\/li>\n\n\n\n<li>dimensions sans le cadre<\/li>\n\n\n\n<li>tout autre d\u00e9tail s\u2019il en existe et, en particulier, la pr\u00e9sence de la signature ou du monogramme ainsi que titre et date (indications au dos de l\u2019\u0153uvre ?)<\/li>\n<\/ul>\n<\/div>\n\n\n\n<div class=\"wp-block-column is-vertically-aligned-top is-layout-flow wp-block-column-is-layout-flow\" style=\"flex-basis:4%\">\n<div class=\"wp-block-buttons is-horizontal is-content-justification-center is-layout-flex wp-container-core-buttons-is-layout-2 wp-block-buttons-is-layout-flex\">\n<div class=\"wp-block-button\"><a class=\"wp-block-button__link wp-element-button\" href=\"https:\/\/www.association-auburtin.fr\/index.php\/accueil\/l-association\/association-2\">&gt;<\/a><\/div>\n<\/div>\n<\/div>\n<\/div>\n","protected":false},"excerpt":{"rendered":"<p>Apr\u00e8s maintes propositions, nous avons opt\u00e9 pour une association de loi 1901.Dans un premier temps, notre objectif est de r\u00e9pertorier un maximum de documentsautour de sa production picturale. Ensuite, nous pourrons envisager un catalogueraisonn\u00e9 de son \u0153uvre afin de la r\u00e9v\u00e9ler aupr\u00e8s d\u2019un large public. Aussi nous sollicitons votre concours :Il serait bon de nous [&hellip;]<\/p>\n","protected":false},"author":1,"featured_media":0,"parent":20,"menu_order":1,"comment_status":"closed","ping_status":"closed","template":"","meta":{"footnotes":""},"class_list":["post-1037","page","type-page","status-publish","hentry"],"blocksy_meta":{"styles_descriptor":{"styles":{"desktop":"","tablet":"","mobile":""},"google_fonts":[],"version":6}},"yoast_head":"<!-- This site is optimized with the Yoast SEO plugin v23.6 - https:\/\/yoast.com\/wordpress\/plugins\/seo\/ -->\n<title>L&#039;association 1 - Association Auburtin<\/title>\n<meta name=\"robots\" content=\"index, follow, max-snippet:-1, max-image-preview:large, max-video-preview:-1\" \/>\n<link rel=\"canonical\" href=\"https:\/\/www.association-auburtin.fr\/index.php\/accueil\/l-association\/association-1\/\" \/>\n<meta property=\"og:locale\" content=\"fr_FR\" \/>\n<meta property=\"og:type\" content=\"article\" \/>\n<meta property=\"og:title\" content=\"L&#039;association 1 - Association Auburtin\" \/>\n<meta property=\"og:description\" content=\"Apr\u00e8s maintes propositions, nous avons opt\u00e9 pour une association de loi 1901.Dans un premier temps, notre objectif est de r\u00e9pertorier un maximum de documentsautour de sa production picturale. Ensuite, nous pourrons envisager un catalogueraisonn\u00e9 de son \u0153uvre afin de la r\u00e9v\u00e9ler aupr\u00e8s d\u2019un large public. Aussi nous sollicitons votre concours :Il serait bon de nous [&hellip;]\" \/>\n<meta property=\"og:url\" content=\"https:\/\/www.association-auburtin.fr\/index.php\/accueil\/l-association\/association-1\/\" \/>\n<meta property=\"og:site_name\" content=\"Association Auburtin\" \/>\n<meta property=\"article:modified_time\" content=\"2023-04-29T13:18:50+00:00\" \/>\n<meta property=\"og:image\" content=\"https:\/\/www.association-auburtin.fr\/wp-content\/uploads\/2021\/03\/jfa-7-583x1024.jpg\" \/>\n<meta name=\"twitter:card\" content=\"summary_large_image\" \/>\n<meta name=\"twitter:label1\" content=\"Dur\u00e9e de lecture estim\u00e9e\" \/>\n\t<meta name=\"twitter:data1\" content=\"2 minutes\" \/>\n<script type=\"application\/ld+json\" class=\"yoast-schema-graph\">{\"@context\":\"https:\/\/schema.org\",\"@graph\":[{\"@type\":\"WebPage\",\"@id\":\"https:\/\/www.association-auburtin.fr\/index.php\/accueil\/l-association\/association-1\/\",\"url\":\"https:\/\/www.association-auburtin.fr\/index.php\/accueil\/l-association\/association-1\/\",\"name\":\"L'association 1 - Association Auburtin\",\"isPartOf\":{\"@id\":\"https:\/\/www.association-auburtin.fr\/#website\"},\"primaryImageOfPage\":{\"@id\":\"https:\/\/www.association-auburtin.fr\/index.php\/accueil\/l-association\/association-1\/#primaryimage\"},\"image\":{\"@id\":\"https:\/\/www.association-auburtin.fr\/index.php\/accueil\/l-association\/association-1\/#primaryimage\"},\"thumbnailUrl\":\"https:\/\/www.association-auburtin.fr\/wp-content\/uploads\/2021\/03\/jfa-7-583x1024.jpg\",\"datePublished\":\"2021-02-20T09:50:11+00:00\",\"dateModified\":\"2023-04-29T13:18:50+00:00\",\"breadcrumb\":{\"@id\":\"https:\/\/www.association-auburtin.fr\/index.php\/accueil\/l-association\/association-1\/#breadcrumb\"},\"inLanguage\":\"fr-FR\",\"potentialAction\":[{\"@type\":\"ReadAction\",\"target\":[\"https:\/\/www.association-auburtin.fr\/index.php\/accueil\/l-association\/association-1\/\"]}]},{\"@type\":\"ImageObject\",\"inLanguage\":\"fr-FR\",\"@id\":\"https:\/\/www.association-auburtin.fr\/index.php\/accueil\/l-association\/association-1\/#primaryimage\",\"url\":\"https:\/\/www.association-auburtin.fr\/wp-content\/uploads\/2021\/03\/jfa-7-583x1024.jpg\",\"contentUrl\":\"https:\/\/www.association-auburtin.fr\/wp-content\/uploads\/2021\/03\/jfa-7-583x1024.jpg\"},{\"@type\":\"BreadcrumbList\",\"@id\":\"https:\/\/www.association-auburtin.fr\/index.php\/accueil\/l-association\/association-1\/#breadcrumb\",\"itemListElement\":[{\"@type\":\"ListItem\",\"position\":1,\"name\":\"Accueil\",\"item\":\"https:\/\/www.association-auburtin.fr\/\"},{\"@type\":\"ListItem\",\"position\":2,\"name\":\"Jean Francis Auburtin (artiste peintre 1866 &#8211; 1930)\",\"item\":\"https:\/\/www.association-auburtin.fr\/\"},{\"@type\":\"ListItem\",\"position\":3,\"name\":\"L&rsquo;association\",\"item\":\"https:\/\/www.association-auburtin.fr\/index.php\/accueil\/l-association\/\"},{\"@type\":\"ListItem\",\"position\":4,\"name\":\"L&rsquo;association 1\"}]},{\"@type\":\"WebSite\",\"@id\":\"https:\/\/www.association-auburtin.fr\/#website\",\"url\":\"https:\/\/www.association-auburtin.fr\/\",\"name\":\"Association Auburtin\",\"description\":\"Les Amis et les Descendants de Jean Francis AUBURTIN\",\"publisher\":{\"@id\":\"https:\/\/www.association-auburtin.fr\/#organization\"},\"potentialAction\":[{\"@type\":\"SearchAction\",\"target\":{\"@type\":\"EntryPoint\",\"urlTemplate\":\"https:\/\/www.association-auburtin.fr\/?s={search_term_string}\"},\"query-input\":{\"@type\":\"PropertyValueSpecification\",\"valueRequired\":true,\"valueName\":\"search_term_string\"}}],\"inLanguage\":\"fr-FR\"},{\"@type\":\"Organization\",\"@id\":\"https:\/\/www.association-auburtin.fr\/#organization\",\"name\":\"Association Auburtin\",\"url\":\"https:\/\/www.association-auburtin.fr\/\",\"logo\":{\"@type\":\"ImageObject\",\"inLanguage\":\"fr-FR\",\"@id\":\"https:\/\/www.association-auburtin.fr\/#\/schema\/logo\/image\/\",\"url\":\"https:\/\/www.association-auburtin.fr\/wp-content\/uploads\/2021\/01\/logo-jfa-1.jpg\",\"contentUrl\":\"https:\/\/www.association-auburtin.fr\/wp-content\/uploads\/2021\/01\/logo-jfa-1.jpg\",\"width\":904,\"height\":855,\"caption\":\"Association Auburtin\"},\"image\":{\"@id\":\"https:\/\/www.association-auburtin.fr\/#\/schema\/logo\/image\/\"}}]}<\/script>\n<!-- \/ Yoast SEO plugin. -->","yoast_head_json":{"title":"L'association 1 - Association Auburtin","robots":{"index":"index","follow":"follow","max-snippet":"max-snippet:-1","max-image-preview":"max-image-preview:large","max-video-preview":"max-video-preview:-1"},"canonical":"https:\/\/www.association-auburtin.fr\/index.php\/accueil\/l-association\/association-1\/","og_locale":"fr_FR","og_type":"article","og_title":"L'association 1 - Association Auburtin","og_description":"Apr\u00e8s maintes propositions, nous avons opt\u00e9 pour une association de loi 1901.Dans un premier temps, notre objectif est de r\u00e9pertorier un maximum de documentsautour de sa production picturale. Ensuite, nous pourrons envisager un catalogueraisonn\u00e9 de son \u0153uvre afin de la r\u00e9v\u00e9ler aupr\u00e8s d\u2019un large public. Aussi nous sollicitons votre concours :Il serait bon de nous [&hellip;]","og_url":"https:\/\/www.association-auburtin.fr\/index.php\/accueil\/l-association\/association-1\/","og_site_name":"Association Auburtin","article_modified_time":"2023-04-29T13:18:50+00:00","og_image":[{"url":"https:\/\/www.association-auburtin.fr\/wp-content\/uploads\/2021\/03\/jfa-7-583x1024.jpg"}],"twitter_card":"summary_large_image","twitter_misc":{"Dur\u00e9e de lecture estim\u00e9e":"2 minutes"},"schema":{"@context":"https:\/\/schema.org","@graph":[{"@type":"WebPage","@id":"https:\/\/www.association-auburtin.fr\/index.php\/accueil\/l-association\/association-1\/","url":"https:\/\/www.association-auburtin.fr\/index.php\/accueil\/l-association\/association-1\/","name":"L'association 1 - Association Auburtin","isPartOf":{"@id":"https:\/\/www.association-auburtin.fr\/#website"},"primaryImageOfPage":{"@id":"https:\/\/www.association-auburtin.fr\/index.php\/accueil\/l-association\/association-1\/#primaryimage"},"image":{"@id":"https:\/\/www.association-auburtin.fr\/index.php\/accueil\/l-association\/association-1\/#primaryimage"},"thumbnailUrl":"https:\/\/www.association-auburtin.fr\/wp-content\/uploads\/2021\/03\/jfa-7-583x1024.jpg","datePublished":"2021-02-20T09:50:11+00:00","dateModified":"2023-04-29T13:18:50+00:00","breadcrumb":{"@id":"https:\/\/www.association-auburtin.fr\/index.php\/accueil\/l-association\/association-1\/#breadcrumb"},"inLanguage":"fr-FR","potentialAction":[{"@type":"ReadAction","target":["https:\/\/www.association-auburtin.fr\/index.php\/accueil\/l-association\/association-1\/"]}]},{"@type":"ImageObject","inLanguage":"fr-FR","@id":"https:\/\/www.association-auburtin.fr\/index.php\/accueil\/l-association\/association-1\/#primaryimage","url":"https:\/\/www.association-auburtin.fr\/wp-content\/uploads\/2021\/03\/jfa-7-583x1024.jpg","contentUrl":"https:\/\/www.association-auburtin.fr\/wp-content\/uploads\/2021\/03\/jfa-7-583x1024.jpg"},{"@type":"BreadcrumbList","@id":"https:\/\/www.association-auburtin.fr\/index.php\/accueil\/l-association\/association-1\/#breadcrumb","itemListElement":[{"@type":"ListItem","position":1,"name":"Accueil","item":"https:\/\/www.association-auburtin.fr\/"},{"@type":"ListItem","position":2,"name":"Jean Francis Auburtin (artiste peintre 1866 &#8211; 1930)","item":"https:\/\/www.association-auburtin.fr\/"},{"@type":"ListItem","position":3,"name":"L&rsquo;association","item":"https:\/\/www.association-auburtin.fr\/index.php\/accueil\/l-association\/"},{"@type":"ListItem","position":4,"name":"L&rsquo;association 1"}]},{"@type":"WebSite","@id":"https:\/\/www.association-auburtin.fr\/#website","url":"https:\/\/www.association-auburtin.fr\/","name":"Association Auburtin","description":"Les Amis et les Descendants de Jean Francis AUBURTIN","publisher":{"@id":"https:\/\/www.association-auburtin.fr\/#organization"},"potentialAction":[{"@type":"SearchAction","target":{"@type":"EntryPoint","urlTemplate":"https:\/\/www.association-auburtin.fr\/?s={search_term_string}"},"query-input":{"@type":"PropertyValueSpecification","valueRequired":true,"valueName":"search_term_string"}}],"inLanguage":"fr-FR"},{"@type":"Organization","@id":"https:\/\/www.association-auburtin.fr\/#organization","name":"Association Auburtin","url":"https:\/\/www.association-auburtin.fr\/","logo":{"@type":"ImageObject","inLanguage":"fr-FR","@id":"https:\/\/www.association-auburtin.fr\/#\/schema\/logo\/image\/","url":"https:\/\/www.association-auburtin.fr\/wp-content\/uploads\/2021\/01\/logo-jfa-1.jpg","contentUrl":"https:\/\/www.association-auburtin.fr\/wp-content\/uploads\/2021\/01\/logo-jfa-1.jpg","width":904,"height":855,"caption":"Association Auburtin"},"image":{"@id":"https:\/\/www.association-auburtin.fr\/#\/schema\/logo\/image\/"}}]}},"_links":{"self":[{"href":"https:\/\/www.association-auburtin.fr\/index.php\/wp-json\/wp\/v2\/pages\/1037"}],"collection":[{"href":"https:\/\/www.association-auburtin.fr\/index.php\/wp-json\/wp\/v2\/pages"}],"about":[{"href":"https:\/\/www.association-auburtin.fr\/index.php\/wp-json\/wp\/v2\/types\/page"}],"author":[{"embeddable":true,"href":"https:\/\/www.association-auburtin.fr\/index.php\/wp-json\/wp\/v2\/users\/1"}],"replies":[{"embeddable":true,"href":"https:\/\/www.association-auburtin.fr\/index.php\/wp-json\/wp\/v2\/comments?post=1037"}],"version-history":[{"count":18,"href":"https:\/\/www.association-auburtin.fr\/index.php\/wp-json\/wp\/v2\/pages\/1037\/revisions"}],"predecessor-version":[{"id":2652,"href":"https:\/\/www.association-auburtin.fr\/index.php\/wp-json\/wp\/v2\/pages\/1037\/revisions\/2652"}],"up":[{"embeddable":true,"href":"https:\/\/www.association-auburtin.fr\/index.php\/wp-json\/wp\/v2\/pages\/20"}],"wp:attachment":[{"href":"https:\/\/www.association-auburtin.fr\/index.php\/wp-json\/wp\/v2\/media?parent=1037"}],"curies":[{"name":"wp","href":"https:\/\/api.w.org\/{rel}","templated":true}]}}